{"id":1143,"date":"2014-01-09T15:11:08","date_gmt":"2014-01-09T15:11:08","guid":{"rendered":"https:\/\/efep.es\/?page_id=1143"},"modified":"2019-07-24T16:37:00","modified_gmt":"2019-07-24T14:37:00","slug":"presentacion-de-la-red-2","status":"publish","type":"page","link":"https:\/\/french-international-schools.com\/es\/quienes-somos\/presentacion-de-la-red-2\/","title":{"rendered":"Presentaci\u00f3n de la red"},"content":{"rendered":"<p style=\"text-align: justify;\"><img decoding=\"async\" class=\"alignright size-medium wp-image-295\" src=\"https:\/\/french-international-schools.com\/wp-content\/uploads\/2014\/01\/CDI-2-haut-efep-Opti.jpg\" alt=\"19 Opti\" width=\"300\" height=\"200\" \/><\/p>\n<p style=\"text-align: justify;\">La red ib\u00e9rica de centros educativos franceses agrupa 22 establecimientos en Espa\u00f1a y 2 en Portugal. Es la m\u00e1s importante de Europa y forma parte de la red escolar mundial: de la <a href=\"http:\/\/www.aefe.fr\/aefe\/operateur-du-ministere-des-affaires-etrangeres-et-du-developpement-international\/systeme\" target=\"_blank\" rel=\"noopener noreferrer\">AEFE<\/a>*\u00a0y de la <a href=\"http:\/\/www.mlfmonde.org\/-Le-Reseau-\" target=\"_blank\" rel=\"noopener noreferrer\">MLF<\/a>*, que cuenta con cerca de 500 establecimientos en 136 pa\u00edses.<\/p>\n<p style=\"text-align: justify;\">La ense\u00f1anza est\u00e1 homologada por el <a href=\"http:\/\/www.education.gouv.fr\/\" target=\"_blank\" rel=\"noopener noreferrer\"><strong>Ministerio franc\u00e9s de Educaci\u00f3n Nacional<\/strong><\/a>\u00a0y los niveles est\u00e1n reconocidos por las autoridades locales <a title=\"&lt;strong&gt;Ministerio de Educaci\u00f3n Espa\u00f1ol&lt;\/strong&gt;\" href=\"http:\/\/www.mecd.gob.es\/portada-mecd\/\" target=\"_blank\" rel=\"noopener noreferrer\">espa\u00f1olas\u00a0<\/a>y <a title=\"&lt;strong&gt;Ministerio de Educaci\u00f3n Portugues&lt;\/strong&gt;\" href=\"http:\/\/www.mecd.gob.es\/portada-mecd\/\" target=\"_blank\" rel=\"noopener noreferrer\">portuguesas<\/a>. \u00a0Los centros est\u00e1n bajo la tutela directa de los embajadores de Francia en Madrid y Lisboa.<\/p>\n<p style=\"text-align: justify;\"><img decoding=\"async\" class=\"alignleft size-medium wp-image-289\" src=\"https:\/\/french-international-schools.com\/wp-content\/uploads\/2014\/01\/CDI-1-bas-efep-Opti.jpg\" alt=\"JFFD322948 Opti\" width=\"300\" height=\"200\" \/>Los centros franceses de la red ib\u00e9rica ofrecen una educaci\u00f3n de excelencia que prepara a los alumnos para las mejores universidades del mundo. Cada a\u00f1o, cerca de 23.000 alumnos depositan su confianza en el sistema de educaci\u00f3n <i>\u00e0 la fran\u00e7aise<\/i> inscribi\u00e9ndose en un centro franc\u00e9s de Portugal o Espa\u00f1a, desde <a title=\"Escuela infantil\" href=\"https:\/\/french-international-schools.com\/?page_id=1872\">Infantil<\/a>\u00a0(a partir de los 2 a\u00f1os) hasta el <a title=\"Baccalaureat - Bachillerato frances\" href=\"https:\/\/french-international-schools.com\/?page_id=1967\">Baccalaur\u00e9at<\/a>.<\/p>\n<p style=\"text-align: justify;\"><span style=\"text-decoration: underline;\"><em>*Note: <\/em><\/span><\/p>\n<p style=\"text-align: center;\"><div class=\"fusion-fullwidth fullwidth-box fusion-builder-row-1 fusion-flex-container hundred-percent-fullwidth non-hundred-percent-height-scrolling\" style=\"--awb-border-radius-top-left:0px;--awb-border-radius-top-right:0px;--awb-border-radius-bottom-right:0px;--awb-border-radius-bottom-left:0px;--awb-overflow:visible;--awb-flex-wrap:wrap;\" ><div class=\"fusion-builder-row fusion-row fusion-flex-align-items-flex-start fusion-flex-content-wrap\" style=\"width:104% !important;max-width:104% !important;margin-left: calc(-4% \/ 2 );margin-right: calc(-4% \/ 2 );\"><div class=\"fusion-layout-column fusion_builder_column fusion-builder-column-0 fusion_builder_column_1_4 1_4 fusion-flex-column\" style=\"--awb-bg-size:cover;--awb-width-large:25%;--awb-margin-top-large:0px;--awb-spacing-right-large:7.68%;--awb-margin-bottom-large:20px;--awb-spacing-left-large:7.68%;--awb-width-medium:25%;--awb-spacing-right-medium:7.68%;--awb-spacing-left-medium:7.68%;--awb-width-small:100%;--awb-spacing-right-small:1.92%;--awb-spacing-left-small:1.92%;\"><div class=\"fusion-column-wrapper fusion-flex-justify-content-flex-start fusion-content-layout-column\"><a href=\"http:\/\/www.aefe.fr\/\" target=\"_blank\" rel=\"noopener noreferrer\"><img decoding=\"async\" class=\"aligncenter size-full wp-image-150\" src=\"https:\/\/french-international-schools.com\/wp-content\/uploads\/2015\/09\/Logo-AEFE.jpg\" alt=\"laefe\" width=\"95\" height=\"80\" \/><\/a><\/div><\/div>\n<p style=\"text-align: justify;\"><div class=\"fusion-layout-column fusion_builder_column fusion-builder-column-1 fusion_builder_column_1_4 1_4 fusion-flex-column\" style=\"--awb-bg-size:cover;--awb-width-large:25%;--awb-margin-top-large:0px;--awb-spacing-right-large:7.68%;--awb-margin-bottom-large:20px;--awb-spacing-left-large:7.68%;--awb-width-medium:25%;--awb-spacing-right-medium:7.68%;--awb-spacing-left-medium:7.68%;--awb-width-small:100%;--awb-spacing-right-small:1.92%;--awb-spacing-left-small:1.92%;\"><div class=\"fusion-column-wrapper fusion-flex-justify-content-flex-start fusion-content-layout-column\"><a title=\"Agencia para la Ense\u00f1anza Francesa en el Extranjero\" href=\"http:\/\/www.aefe.fr\/aefe\/operateur-du-ministere-des-affaires-etrangeres-et-du-developpement-international\/systeme\" target=\"_blank\" rel=\"noopener noreferrer\"><strong>L\u2019AEFE\u00a0<\/strong>(<i>Agencia para la Ense\u00f1anza Francesa en el Extranjero<\/i>)<\/a>\u00a0es un organismo p\u00fablico bajo la tutela del <a href=\"http:\/\/www.diplomatie.gouv.fr\/es\/\" target=\"_blank\" rel=\"noopener noreferrer\">Ministerio de Asuntos Exteriores y Europeo<\/a>s, y es la encargada de garantizar el pilotaje y la coordinaci\u00f3n de la red escolar.<\/p>\n<p style=\"text-align: justify;\"><\/div><\/div>\n<p style=\"text-align: center;\"><div class=\"fusion-layout-column fusion_builder_column fusion-builder-column-2 fusion_builder_column_1_4 1_4 fusion-flex-column\" style=\"--awb-bg-size:cover;--awb-width-large:25%;--awb-margin-top-large:0px;--awb-spacing-right-large:7.68%;--awb-margin-bottom-large:20px;--awb-spacing-left-large:7.68%;--awb-width-medium:25%;--awb-spacing-right-medium:7.68%;--awb-spacing-left-medium:7.68%;--awb-width-small:100%;--awb-spacing-right-small:1.92%;--awb-spacing-left-small:1.92%;\"><div class=\"fusion-column-wrapper fusion-flex-justify-content-flex-start fusion-content-layout-column\"><a href=\"http:\/\/www.mlfmonde.org\/\" target=\"_blank\" rel=\"noopener noreferrer\"><img decoding=\"async\" class=\"aligncenter size-full wp-image-151\" src=\"https:\/\/french-international-schools.com\/wp-content\/uploads\/2015\/09\/Logo-Mission-Laique.png\" alt=\"lmlf\" width=\"140\" height=\"80\" \/><\/a><\/div><\/div>\n<p style=\"text-align: justify;\"><div class=\"fusion-layout-column fusion_builder_column fusion-builder-column-3 fusion_builder_column_1_4 1_4 fusion-flex-column\" style=\"--awb-bg-size:cover;--awb-width-large:25%;--awb-margin-top-large:0px;--awb-spacing-right-large:7.68%;--awb-margin-bottom-large:20px;--awb-spacing-left-large:7.68%;--awb-width-medium:25%;--awb-spacing-right-medium:7.68%;--awb-spacing-left-medium:7.68%;--awb-width-small:100%;--awb-spacing-right-small:1.92%;--awb-spacing-left-small:1.92%;\"><div class=\"fusion-column-wrapper fusion-flex-justify-content-flex-start fusion-content-layout-column\"><a title=\"MLF\" href=\"http:\/\/www.mlfmonde.org\/-Le-Reseau-\" target=\"_blank\" rel=\"noopener noreferrer\"><strong>La MLF<\/strong>\u00a0(<i>Misi\u00f3n Laica Francesa<\/i>)\u00a0<\/a>es una asociaci\u00f3n declarada de utilidad p\u00fablica.<\/div><\/div>\n<\/div><\/div><\/p>\n","protected":false},"excerpt":{"rendered":"<p>La red ib\u00e9rica de centros educativos franceses agrupa 22 establecimientos en Espa\u00f1a y 2 en Portugal. Es la m\u00e1s importante de Europa y forma parte de la red escolar mundial: de la AEFE*\u00a0y de la MLF*, que cuenta con cerca de 500 establecimientos en 136 pa\u00edses. La ense\u00f1anza est\u00e1 homologada por el Ministerio franc\u00e9s de  [&#8230;]<\/p>\n","protected":false},"author":7,"featured_media":0,"parent":1991,"menu_order":1,"comment_status":"open","ping_status":"closed","template":"","meta":{"_monsterinsights_skip_tracking":false,"_monsterinsights_sitenote_active":false,"_monsterinsights_sitenote_note":"","_monsterinsights_sitenote_category":0,"footnotes":""},"class_list":["post-1143","page","type-page","status-publish","hentry"],"yoast_head":"<!-- This site is optimized with the Yoast SEO plugin v27.4 - https:\/\/yoast.com\/product\/yoast-seo-wordpress\/ -->\n<title>Presentaci\u00f3n de la red | French International Schools<\/title>\n<meta name=\"robots\" content=\"index, follow, max-snippet:-1, max-image-preview:large, max-video-preview:-1\" \/>\n<link rel=\"canonical\" href=\"https:\/\/french-international-schools.com\/es\/quienes-somos\/presentacion-de-la-red-2\/\" \/>\n<meta property=\"og:locale\" content=\"es_ES\" \/>\n<meta property=\"og:type\" content=\"article\" \/>\n<meta property=\"og:title\" content=\"Presentaci\u00f3n de la red | French International Schools\" \/>\n<meta property=\"og:description\" content=\"La red ib\u00e9rica de centros educativos franceses agrupa 22 establecimientos en Espa\u00f1a y 2 en Portugal. Es la m\u00e1s importante de Europa y forma parte de la red escolar mundial: de la AEFE*\u00a0y de la MLF*, que cuenta con cerca de 500 establecimientos en 136 pa\u00edses. La ense\u00f1anza est\u00e1 homologada por el Ministerio franc\u00e9s de [...]\" \/>\n<meta property=\"og:url\" content=\"https:\/\/french-international-schools.com\/es\/quienes-somos\/presentacion-de-la-red-2\/\" \/>\n<meta property=\"og:site_name\" content=\"French International Schools\" \/>\n<meta property=\"article:publisher\" content=\"https:\/\/www.facebook.com\/FrenchInternationalSchools\/\" \/>\n<meta property=\"article:modified_time\" content=\"2019-07-24T14:37:00+00:00\" \/>\n<meta property=\"og:image\" content=\"https:\/\/french-international-schools.com\/wp-content\/uploads\/2014\/01\/CDI-2-haut-efep-Opti.jpg\" \/>\n<meta name=\"twitter:card\" content=\"summary_large_image\" \/>\n<meta name=\"twitter:label1\" content=\"Tiempo de lectura\" \/>\n\t<meta name=\"twitter:data1\" content=\"1 minuto\" \/>\n<script type=\"application\/ld+json\" class=\"yoast-schema-graph\">{\"@context\":\"https:\\\/\\\/schema.org\",\"@graph\":[{\"@type\":\"WebPage\",\"@id\":\"https:\\\/\\\/french-international-schools.com\\\/es\\\/quienes-somos\\\/presentacion-de-la-red-2\\\/\",\"url\":\"https:\\\/\\\/french-international-schools.com\\\/es\\\/quienes-somos\\\/presentacion-de-la-red-2\\\/\",\"name\":\"Presentaci\u00f3n de la red | French International Schools\",\"isPartOf\":{\"@id\":\"https:\\\/\\\/french-international-schools.com\\\/#website\"},\"primaryImageOfPage\":{\"@id\":\"https:\\\/\\\/french-international-schools.com\\\/es\\\/quienes-somos\\\/presentacion-de-la-red-2\\\/#primaryimage\"},\"image\":{\"@id\":\"https:\\\/\\\/french-international-schools.com\\\/es\\\/quienes-somos\\\/presentacion-de-la-red-2\\\/#primaryimage\"},\"thumbnailUrl\":\"https:\\\/\\\/french-international-schools.com\\\/wp-content\\\/uploads\\\/2014\\\/01\\\/CDI-2-haut-efep-Opti.jpg\",\"datePublished\":\"2014-01-09T15:11:08+00:00\",\"dateModified\":\"2019-07-24T14:37:00+00:00\",\"breadcrumb\":{\"@id\":\"https:\\\/\\\/french-international-schools.com\\\/es\\\/quienes-somos\\\/presentacion-de-la-red-2\\\/#breadcrumb\"},\"inLanguage\":\"es\",\"potentialAction\":[{\"@type\":\"ReadAction\",\"target\":[\"https:\\\/\\\/french-international-schools.com\\\/es\\\/quienes-somos\\\/presentacion-de-la-red-2\\\/\"]}]},{\"@type\":\"ImageObject\",\"inLanguage\":\"es\",\"@id\":\"https:\\\/\\\/french-international-schools.com\\\/es\\\/quienes-somos\\\/presentacion-de-la-red-2\\\/#primaryimage\",\"url\":\"https:\\\/\\\/french-international-schools.com\\\/wp-content\\\/uploads\\\/2014\\\/01\\\/CDI-2-haut-efep-Opti.jpg\",\"contentUrl\":\"https:\\\/\\\/french-international-schools.com\\\/wp-content\\\/uploads\\\/2014\\\/01\\\/CDI-2-haut-efep-Opti.jpg\"},{\"@type\":\"BreadcrumbList\",\"@id\":\"https:\\\/\\\/french-international-schools.com\\\/es\\\/quienes-somos\\\/presentacion-de-la-red-2\\\/#breadcrumb\",\"itemListElement\":[{\"@type\":\"ListItem\",\"position\":1,\"name\":\"Accueil\",\"item\":\"https:\\\/\\\/french-international-schools.com\\\/es\\\/\"},{\"@type\":\"ListItem\",\"position\":2,\"name\":\"\u00bfQui\u00e9nes somos?\",\"item\":\"https:\\\/\\\/french-international-schools.com\\\/qui-sommes-nous\\\/\"},{\"@type\":\"ListItem\",\"position\":3,\"name\":\"Presentaci\u00f3n de la red\"}]},{\"@type\":\"WebSite\",\"@id\":\"https:\\\/\\\/french-international-schools.com\\\/#website\",\"url\":\"https:\\\/\\\/french-international-schools.com\\\/\",\"name\":\"French International Schools\",\"description\":\"\",\"publisher\":{\"@id\":\"https:\\\/\\\/french-international-schools.com\\\/#organization\"},\"potentialAction\":[{\"@type\":\"SearchAction\",\"target\":{\"@type\":\"EntryPoint\",\"urlTemplate\":\"https:\\\/\\\/french-international-schools.com\\\/?s={search_term_string}\"},\"query-input\":{\"@type\":\"PropertyValueSpecification\",\"valueRequired\":true,\"valueName\":\"search_term_string\"}}],\"inLanguage\":\"es\"},{\"@type\":\"Organization\",\"@id\":\"https:\\\/\\\/french-international-schools.com\\\/#organization\",\"name\":\"R\u00e9seau d'enseignement plurilingue fran\u00e7ais\",\"alternateName\":\"French International Schoolls\",\"url\":\"https:\\\/\\\/french-international-schools.com\\\/\",\"logo\":{\"@type\":\"ImageObject\",\"inLanguage\":\"es\",\"@id\":\"https:\\\/\\\/french-international-schools.com\\\/#\\\/schema\\\/logo\\\/image\\\/\",\"url\":\"https:\\\/\\\/french-international-schools.com\\\/wp-content\\\/uploads\\\/2024\\\/03\\\/Favicon.png\",\"contentUrl\":\"https:\\\/\\\/french-international-schools.com\\\/wp-content\\\/uploads\\\/2024\\\/03\\\/Favicon.png\",\"width\":84,\"height\":82,\"caption\":\"R\u00e9seau d'enseignement plurilingue fran\u00e7ais\"},\"image\":{\"@id\":\"https:\\\/\\\/french-international-schools.com\\\/#\\\/schema\\\/logo\\\/image\\\/\"},\"sameAs\":[\"https:\\\/\\\/www.facebook.com\\\/FrenchInternationalSchools\\\/\",\"https:\\\/\\\/www.instagram.com\\\/french_international_schools\",\"https:\\\/\\\/www.linkedin.com\\\/company\\\/french-international-schools\\\/posts\\\/?feedView=all\"]}]}<\/script>\n<!-- \/ Yoast SEO plugin. -->","yoast_head_json":{"title":"Presentaci\u00f3n de la red | French International Schools","robots":{"index":"index","follow":"follow","max-snippet":"max-snippet:-1","max-image-preview":"max-image-preview:large","max-video-preview":"max-video-preview:-1"},"canonical":"https:\/\/french-international-schools.com\/es\/quienes-somos\/presentacion-de-la-red-2\/","og_locale":"es_ES","og_type":"article","og_title":"Presentaci\u00f3n de la red | French International Schools","og_description":"La red ib\u00e9rica de centros educativos franceses agrupa 22 establecimientos en Espa\u00f1a y 2 en Portugal. Es la m\u00e1s importante de Europa y forma parte de la red escolar mundial: de la AEFE*\u00a0y de la MLF*, que cuenta con cerca de 500 establecimientos en 136 pa\u00edses. La ense\u00f1anza est\u00e1 homologada por el Ministerio franc\u00e9s de [...]","og_url":"https:\/\/french-international-schools.com\/es\/quienes-somos\/presentacion-de-la-red-2\/","og_site_name":"French International Schools","article_publisher":"https:\/\/www.facebook.com\/FrenchInternationalSchools\/","article_modified_time":"2019-07-24T14:37:00+00:00","og_image":[{"url":"https:\/\/french-international-schools.com\/wp-content\/uploads\/2014\/01\/CDI-2-haut-efep-Opti.jpg","type":"","width":"","height":""}],"twitter_card":"summary_large_image","twitter_misc":{"Tiempo de lectura":"1 minuto"},"schema":{"@context":"https:\/\/schema.org","@graph":[{"@type":"WebPage","@id":"https:\/\/french-international-schools.com\/es\/quienes-somos\/presentacion-de-la-red-2\/","url":"https:\/\/french-international-schools.com\/es\/quienes-somos\/presentacion-de-la-red-2\/","name":"Presentaci\u00f3n de la red | French International Schools","isPartOf":{"@id":"https:\/\/french-international-schools.com\/#website"},"primaryImageOfPage":{"@id":"https:\/\/french-international-schools.com\/es\/quienes-somos\/presentacion-de-la-red-2\/#primaryimage"},"image":{"@id":"https:\/\/french-international-schools.com\/es\/quienes-somos\/presentacion-de-la-red-2\/#primaryimage"},"thumbnailUrl":"https:\/\/french-international-schools.com\/wp-content\/uploads\/2014\/01\/CDI-2-haut-efep-Opti.jpg","datePublished":"2014-01-09T15:11:08+00:00","dateModified":"2019-07-24T14:37:00+00:00","breadcrumb":{"@id":"https:\/\/french-international-schools.com\/es\/quienes-somos\/presentacion-de-la-red-2\/#breadcrumb"},"inLanguage":"es","potentialAction":[{"@type":"ReadAction","target":["https:\/\/french-international-schools.com\/es\/quienes-somos\/presentacion-de-la-red-2\/"]}]},{"@type":"ImageObject","inLanguage":"es","@id":"https:\/\/french-international-schools.com\/es\/quienes-somos\/presentacion-de-la-red-2\/#primaryimage","url":"https:\/\/french-international-schools.com\/wp-content\/uploads\/2014\/01\/CDI-2-haut-efep-Opti.jpg","contentUrl":"https:\/\/french-international-schools.com\/wp-content\/uploads\/2014\/01\/CDI-2-haut-efep-Opti.jpg"},{"@type":"BreadcrumbList","@id":"https:\/\/french-international-schools.com\/es\/quienes-somos\/presentacion-de-la-red-2\/#breadcrumb","itemListElement":[{"@type":"ListItem","position":1,"name":"Accueil","item":"https:\/\/french-international-schools.com\/es\/"},{"@type":"ListItem","position":2,"name":"\u00bfQui\u00e9nes somos?","item":"https:\/\/french-international-schools.com\/qui-sommes-nous\/"},{"@type":"ListItem","position":3,"name":"Presentaci\u00f3n de la red"}]},{"@type":"WebSite","@id":"https:\/\/french-international-schools.com\/#website","url":"https:\/\/french-international-schools.com\/","name":"French International Schools","description":"","publisher":{"@id":"https:\/\/french-international-schools.com\/#organization"},"potentialAction":[{"@type":"SearchAction","target":{"@type":"EntryPoint","urlTemplate":"https:\/\/french-international-schools.com\/?s={search_term_string}"},"query-input":{"@type":"PropertyValueSpecification","valueRequired":true,"valueName":"search_term_string"}}],"inLanguage":"es"},{"@type":"Organization","@id":"https:\/\/french-international-schools.com\/#organization","name":"R\u00e9seau d'enseignement plurilingue fran\u00e7ais","alternateName":"French International Schoolls","url":"https:\/\/french-international-schools.com\/","logo":{"@type":"ImageObject","inLanguage":"es","@id":"https:\/\/french-international-schools.com\/#\/schema\/logo\/image\/","url":"https:\/\/french-international-schools.com\/wp-content\/uploads\/2024\/03\/Favicon.png","contentUrl":"https:\/\/french-international-schools.com\/wp-content\/uploads\/2024\/03\/Favicon.png","width":84,"height":82,"caption":"R\u00e9seau d'enseignement plurilingue fran\u00e7ais"},"image":{"@id":"https:\/\/french-international-schools.com\/#\/schema\/logo\/image\/"},"sameAs":["https:\/\/www.facebook.com\/FrenchInternationalSchools\/","https:\/\/www.instagram.com\/french_international_schools","https:\/\/www.linkedin.com\/company\/french-international-schools\/posts\/?feedView=all"]}]}},"_links":{"self":[{"href":"https:\/\/french-international-schools.com\/es\/wp-json\/wp\/v2\/pages\/1143","targetHints":{"allow":["GET"]}}],"collection":[{"href":"https:\/\/french-international-schools.com\/es\/wp-json\/wp\/v2\/pages"}],"about":[{"href":"https:\/\/french-international-schools.com\/es\/wp-json\/wp\/v2\/types\/page"}],"author":[{"embeddable":true,"href":"https:\/\/french-international-schools.com\/es\/wp-json\/wp\/v2\/users\/7"}],"replies":[{"embeddable":true,"href":"https:\/\/french-international-schools.com\/es\/wp-json\/wp\/v2\/comments?post=1143"}],"version-history":[{"count":0,"href":"https:\/\/french-international-schools.com\/es\/wp-json\/wp\/v2\/pages\/1143\/revisions"}],"up":[{"embeddable":true,"href":"https:\/\/french-international-schools.com\/es\/wp-json\/wp\/v2\/pages\/1991"}],"wp:attachment":[{"href":"https:\/\/french-international-schools.com\/es\/wp-json\/wp\/v2\/media?parent=1143"}],"curies":[{"name":"wp","href":"https:\/\/api.w.org\/{rel}","templated":true}]}}