{"id":1145,"date":"2014-01-09T15:12:00","date_gmt":"2014-01-09T15:12:00","guid":{"rendered":"https:\/\/efep.es\/?page_id=1145"},"modified":"2019-07-24T16:37:00","modified_gmt":"2019-07-24T14:37:00","slug":"apresentacao-da-rede-2","status":"publish","type":"page","link":"https:\/\/french-international-schools.com\/pt-pt\/quem-somos\/apresentacao-da-rede-2\/","title":{"rendered":"Apresenta\u00e7\u00e3o da rede"},"content":{"rendered":"<p style=\"text-align: justify;\"><img decoding=\"async\" class=\"alignright size-medium wp-image-295\" src=\"https:\/\/french-international-schools.com\/wp-content\/uploads\/2014\/01\/CDI-2-haut-efep-Opti1.jpg\" alt=\"19 Opti\" width=\"300\" height=\"200\" \/><\/p>\n<p style=\"text-align: justify;\">A rede ib\u00e9rica de estabelecimentos de ensino franceses integra 22 escolas em Espanha e 2 escolas em Portugal. \u00c9 a mais importante da Europa e pertence a uma rede escolar mundial: a da <a href=\"http:\/\/www.aefe.fr\/aefe\/operateur-du-ministere-des-affaires-etrangeres-et-du-developpement-international\/systeme\" target=\"_blank\" rel=\"noopener noreferrer\">AEFE<\/a>* e da <a href=\"http:\/\/www.mlfmonde.org\/-Le-Reseau-\" target=\"_blank\" rel=\"noopener noreferrer\">MLF<\/a>*, que contam com mais de 500 estabelecimentos distribu\u00eddos por 136 pa\u00edses.<\/p>\n<p style=\"text-align: justify;\">Todos os ensinos s\u00e3o homologados pelo <a href=\"http:\/\/www.education.gouv.fr\/\" target=\"_blank\" rel=\"noopener noreferrer\"><strong>Minist\u00e9rio da Educa\u00e7\u00e3o franc\u00eas<\/strong><\/a>\u00a0e os n\u00edveis s\u00e3o reconhecidos pelas autoridades locais <a href=\"http:\/\/www.mecd.gob.es\/portada-mecd\/\" target=\"_blank\" rel=\"noopener noreferrer\"><strong>espanholas<\/strong> <\/a>e <a href=\"http:\/\/www.portugal.gov.pt\/pt.aspx\" target=\"_blank\" rel=\"noopener noreferrer\"><strong>portuguesas<\/strong><\/a>. Os estabelecimentos s\u00e3o colocados sob a autoridade directa dos Embaixadores de Fran\u00e7a em Madrid e em Lisboa.<\/p>\n<p style=\"text-align: justify;\"><img decoding=\"async\" class=\"alignleft size-medium wp-image-289\" src=\"https:\/\/french-international-schools.com\/wp-content\/uploads\/2014\/01\/CDI-1-bas-efep-Opti1.jpg\" alt=\"JFFD322948 Opti\" width=\"300\" height=\"200\" \/>Os estabelecimentos franceses da rede ib\u00e9rica oferecem um ensino de excel\u00eancia, que prepara os alunos para as melhores universidades do mundo. Todos os anos, cerca de 23.000 alunos confiam no sistema de ensino <i>\u00e0 la fran\u00e7aise<\/i> e inscrevem-se num estabelecimento franc\u00eas em Portugal ou em Espanha desde a <a title=\"Ecole maternelle - A escola pr\u00e9-primaria francesa\" href=\"https:\/\/french-international-schools.com\/?page_id=1870\">maternelle<\/a> (a partir dos 2 anos) at\u00e9 ao <a title=\"Baccalaureat\" href=\"https:\/\/french-international-schools.com\/?page_id=1969\">Baccalaur\u00e9at<\/a>.<\/p>\n<p>&nbsp;<\/p>\n<p style=\"text-align: justify;\"><span style=\"text-decoration: underline;\"><em>*Note: <\/em><\/span><\/p>\n<p style=\"text-align: center;\"><div class=\"fusion-fullwidth fullwidth-box fusion-builder-row-1 fusion-flex-container hundred-percent-fullwidth non-hundred-percent-height-scrolling\" style=\"--awb-border-radius-top-left:0px;--awb-border-radius-top-right:0px;--awb-border-radius-bottom-right:0px;--awb-border-radius-bottom-left:0px;--awb-overflow:visible;--awb-flex-wrap:wrap;\" ><div class=\"fusion-builder-row fusion-row fusion-flex-align-items-flex-start fusion-flex-content-wrap\" style=\"width:104% !important;max-width:104% !important;margin-left: calc(-4% \/ 2 );margin-right: calc(-4% \/ 2 );\"><div class=\"fusion-layout-column fusion_builder_column fusion-builder-column-0 fusion_builder_column_1_4 1_4 fusion-flex-column\" style=\"--awb-bg-size:cover;--awb-width-large:25%;--awb-margin-top-large:0px;--awb-spacing-right-large:7.68%;--awb-margin-bottom-large:20px;--awb-spacing-left-large:7.68%;--awb-width-medium:25%;--awb-spacing-right-medium:7.68%;--awb-spacing-left-medium:7.68%;--awb-width-small:100%;--awb-spacing-right-small:1.92%;--awb-spacing-left-small:1.92%;\"><div class=\"fusion-column-wrapper fusion-flex-justify-content-flex-start fusion-content-layout-column\"><a href=\"http:\/\/www.aefe.fr\/\" target=\"_blank\" rel=\"noopener noreferrer\"><img decoding=\"async\" class=\"aligncenter size-full wp-image-150\" src=\"https:\/\/french-international-schools.com\/wp-content\/uploads\/2015\/09\/Logo-AEFE.jpg\" alt=\"laefe\" width=\"95\" height=\"80\" \/><\/a><\/div><\/div>\n<p style=\"text-align: justify;\"><div class=\"fusion-layout-column fusion_builder_column fusion-builder-column-1 fusion_builder_column_1_4 1_4 fusion-flex-column\" style=\"--awb-bg-size:cover;--awb-width-large:25%;--awb-margin-top-large:0px;--awb-spacing-right-large:7.68%;--awb-margin-bottom-large:20px;--awb-spacing-left-large:7.68%;--awb-width-medium:25%;--awb-spacing-right-medium:7.68%;--awb-spacing-left-medium:7.68%;--awb-width-small:100%;--awb-spacing-right-small:1.92%;--awb-spacing-left-small:1.92%;\"><div class=\"fusion-column-wrapper fusion-flex-justify-content-flex-start fusion-content-layout-column\"><a href=\"http:\/\/www.aefe.fr\/aefe\/operateur-du-ministere-des-affaires-etrangeres-et-du-developpement-international\/systeme\" target=\"_blank\" rel=\"noopener noreferrer\"><strong>L\u2019AEFE\u00a0<\/strong>(<i>Ag\u00eancia para o Ensino Franc\u00eas no Estrangeiro<\/i>)\u00a0<\/a>\u00e9 um estabelecimento p\u00fablico sob a tutela do <a href=\"http:\/\/www.diplomatie.gouv.fr\/fr\/\" target=\"_blank\" rel=\"noopener noreferrer\">Minist\u00e9rio dos Neg\u00f3cios Estrangeiros e Europeus<\/a>\u00a0respons\u00e1vel por garantir a pilotagem e gest\u00e3o da rede escolar.<\/div><\/div>\n<p style=\"text-align: center;\"><div class=\"fusion-layout-column fusion_builder_column fusion-builder-column-2 fusion_builder_column_1_4 1_4 fusion-flex-column\" style=\"--awb-bg-size:cover;--awb-width-large:25%;--awb-margin-top-large:0px;--awb-spacing-right-large:7.68%;--awb-margin-bottom-large:20px;--awb-spacing-left-large:7.68%;--awb-width-medium:25%;--awb-spacing-right-medium:7.68%;--awb-spacing-left-medium:7.68%;--awb-width-small:100%;--awb-spacing-right-small:1.92%;--awb-spacing-left-small:1.92%;\"><div class=\"fusion-column-wrapper fusion-flex-justify-content-flex-start fusion-content-layout-column\"><a href=\"http:\/\/www.mlfmonde.org\/\" target=\"_blank\" rel=\"noopener noreferrer\"><img decoding=\"async\" class=\"aligncenter size-full wp-image-151\" src=\"https:\/\/french-international-schools.com\/wp-content\/uploads\/2015\/09\/Logo-Mission-Laique.png\" alt=\"lmlf\" width=\"140\" height=\"80\" \/><\/a><\/div><\/div>\n<p style=\"text-align: justify;\"><div class=\"fusion-layout-column fusion_builder_column fusion-builder-column-3 fusion_builder_column_1_4 1_4 fusion-flex-column\" style=\"--awb-bg-size:cover;--awb-width-large:25%;--awb-margin-top-large:0px;--awb-spacing-right-large:7.68%;--awb-margin-bottom-large:20px;--awb-spacing-left-large:7.68%;--awb-width-medium:25%;--awb-spacing-right-medium:7.68%;--awb-spacing-left-medium:7.68%;--awb-width-small:100%;--awb-spacing-right-small:1.92%;--awb-spacing-left-small:1.92%;\"><div class=\"fusion-column-wrapper fusion-flex-justify-content-flex-start fusion-content-layout-column\"><a title=\"Miss\u00e3o Laica Francesa\" href=\"www.mlfmonde.org\" target=\"_blank\" rel=\"noopener noreferrer\"><strong>La MLF<\/strong>\u00a0(<i>Miss\u00e3o Laica Francesa<\/i>)<\/a>\u00a0\u00e9 uma associa\u00e7\u00e3o reconhecida como entidade de utilidade p\u00fablica.<\/div><\/div>\n<\/div><\/div><\/p>\n","protected":false},"excerpt":{"rendered":"<p>A rede ib\u00e9rica de estabelecimentos de ensino franceses integra 22 escolas em Espanha e 2 escolas em Portugal. \u00c9 a mais importante da Europa e pertence a uma rede escolar mundial: a da AEFE* e da MLF*, que contam com mais de 500 estabelecimentos distribu\u00eddos por 136 pa\u00edses. Todos os ensinos s\u00e3o homologados pelo Minist\u00e9rio  [&#8230;]<\/p>\n","protected":false},"author":7,"featured_media":0,"parent":2031,"menu_order":1,"comment_status":"open","ping_status":"closed","template":"","meta":{"_monsterinsights_skip_tracking":false,"_monsterinsights_sitenote_active":false,"_monsterinsights_sitenote_note":"","_monsterinsights_sitenote_category":0,"footnotes":""},"class_list":["post-1145","page","type-page","status-publish","hentry"],"yoast_head":"<!-- This site is optimized with the Yoast SEO plugin v27.4 - https:\/\/yoast.com\/product\/yoast-seo-wordpress\/ -->\n<title>Apresenta\u00e7\u00e3o da rede | French International Schools<\/title>\n<meta name=\"robots\" content=\"index, follow, max-snippet:-1, max-image-preview:large, max-video-preview:-1\" \/>\n<link rel=\"canonical\" href=\"https:\/\/french-international-schools.com\/qui-sommes-nous\/presentation-du-reseau\/\" \/>\n<meta property=\"og:locale\" content=\"pt_PT\" \/>\n<meta property=\"og:type\" content=\"article\" \/>\n<meta property=\"og:title\" content=\"Apresenta\u00e7\u00e3o da rede | French International Schools\" \/>\n<meta property=\"og:description\" content=\"A rede ib\u00e9rica de estabelecimentos de ensino franceses integra 22 escolas em Espanha e 2 escolas em Portugal. \u00c9 a mais importante da Europa e pertence a uma rede escolar mundial: a da AEFE* e da MLF*, que contam com mais de 500 estabelecimentos distribu\u00eddos por 136 pa\u00edses. Todos os ensinos s\u00e3o homologados pelo Minist\u00e9rio [...]\" \/>\n<meta property=\"og:url\" content=\"https:\/\/french-international-schools.com\/qui-sommes-nous\/presentation-du-reseau\/\" \/>\n<meta property=\"og:site_name\" content=\"French International Schools\" \/>\n<meta property=\"article:publisher\" content=\"https:\/\/www.facebook.com\/FrenchInternationalSchools\/\" \/>\n<meta property=\"article:modified_time\" content=\"2019-07-24T14:37:00+00:00\" \/>\n<meta property=\"og:image\" content=\"https:\/\/french-international-schools.com\/wp-content\/uploads\/2014\/01\/CDI-2-haut-efep-Opti1.jpg\" \/>\n<meta name=\"twitter:card\" content=\"summary_large_image\" \/>\n<meta name=\"twitter:label1\" content=\"Tempo estimado de leitura\" \/>\n\t<meta name=\"twitter:data1\" content=\"1 minuto\" \/>\n<script type=\"application\/ld+json\" class=\"yoast-schema-graph\">{\"@context\":\"https:\\\/\\\/schema.org\",\"@graph\":[{\"@type\":\"WebPage\",\"@id\":\"https:\\\/\\\/french-international-schools.com\\\/qui-sommes-nous\\\/presentation-du-reseau\\\/\",\"url\":\"https:\\\/\\\/french-international-schools.com\\\/qui-sommes-nous\\\/presentation-du-reseau\\\/\",\"name\":\"Apresenta\u00e7\u00e3o da rede | French International Schools\",\"isPartOf\":{\"@id\":\"https:\\\/\\\/french-international-schools.com\\\/#website\"},\"primaryImageOfPage\":{\"@id\":\"https:\\\/\\\/french-international-schools.com\\\/qui-sommes-nous\\\/presentation-du-reseau\\\/#primaryimage\"},\"image\":{\"@id\":\"https:\\\/\\\/french-international-schools.com\\\/qui-sommes-nous\\\/presentation-du-reseau\\\/#primaryimage\"},\"thumbnailUrl\":\"https:\\\/\\\/french-international-schools.com\\\/wp-content\\\/uploads\\\/2014\\\/01\\\/CDI-2-haut-efep-Opti1.jpg\",\"datePublished\":\"2014-01-09T15:12:00+00:00\",\"dateModified\":\"2019-07-24T14:37:00+00:00\",\"breadcrumb\":{\"@id\":\"https:\\\/\\\/french-international-schools.com\\\/qui-sommes-nous\\\/presentation-du-reseau\\\/#breadcrumb\"},\"inLanguage\":\"pt-PT\",\"potentialAction\":[{\"@type\":\"ReadAction\",\"target\":[\"https:\\\/\\\/french-international-schools.com\\\/qui-sommes-nous\\\/presentation-du-reseau\\\/\"]}]},{\"@type\":\"ImageObject\",\"inLanguage\":\"pt-PT\",\"@id\":\"https:\\\/\\\/french-international-schools.com\\\/qui-sommes-nous\\\/presentation-du-reseau\\\/#primaryimage\",\"url\":\"https:\\\/\\\/french-international-schools.com\\\/wp-content\\\/uploads\\\/2014\\\/01\\\/CDI-2-haut-efep-Opti1.jpg\",\"contentUrl\":\"https:\\\/\\\/french-international-schools.com\\\/wp-content\\\/uploads\\\/2014\\\/01\\\/CDI-2-haut-efep-Opti1.jpg\"},{\"@type\":\"BreadcrumbList\",\"@id\":\"https:\\\/\\\/french-international-schools.com\\\/qui-sommes-nous\\\/presentation-du-reseau\\\/#breadcrumb\",\"itemListElement\":[{\"@type\":\"ListItem\",\"position\":1,\"name\":\"Accueil\",\"item\":\"https:\\\/\\\/french-international-schools.com\\\/pt-pt\\\/\"},{\"@type\":\"ListItem\",\"position\":2,\"name\":\"Quem somos\",\"item\":\"https:\\\/\\\/french-international-schools.com\\\/qui-sommes-nous\\\/\"},{\"@type\":\"ListItem\",\"position\":3,\"name\":\"Apresenta\u00e7\u00e3o da rede\"}]},{\"@type\":\"WebSite\",\"@id\":\"https:\\\/\\\/french-international-schools.com\\\/#website\",\"url\":\"https:\\\/\\\/french-international-schools.com\\\/\",\"name\":\"French International Schools\",\"description\":\"\",\"publisher\":{\"@id\":\"https:\\\/\\\/french-international-schools.com\\\/#organization\"},\"potentialAction\":[{\"@type\":\"SearchAction\",\"target\":{\"@type\":\"EntryPoint\",\"urlTemplate\":\"https:\\\/\\\/french-international-schools.com\\\/?s={search_term_string}\"},\"query-input\":{\"@type\":\"PropertyValueSpecification\",\"valueRequired\":true,\"valueName\":\"search_term_string\"}}],\"inLanguage\":\"pt-PT\"},{\"@type\":\"Organization\",\"@id\":\"https:\\\/\\\/french-international-schools.com\\\/#organization\",\"name\":\"R\u00e9seau d'enseignement plurilingue fran\u00e7ais\",\"alternateName\":\"French International Schoolls\",\"url\":\"https:\\\/\\\/french-international-schools.com\\\/\",\"logo\":{\"@type\":\"ImageObject\",\"inLanguage\":\"pt-PT\",\"@id\":\"https:\\\/\\\/french-international-schools.com\\\/#\\\/schema\\\/logo\\\/image\\\/\",\"url\":\"https:\\\/\\\/french-international-schools.com\\\/wp-content\\\/uploads\\\/2024\\\/03\\\/Favicon.png\",\"contentUrl\":\"https:\\\/\\\/french-international-schools.com\\\/wp-content\\\/uploads\\\/2024\\\/03\\\/Favicon.png\",\"width\":84,\"height\":82,\"caption\":\"R\u00e9seau d'enseignement plurilingue fran\u00e7ais\"},\"image\":{\"@id\":\"https:\\\/\\\/french-international-schools.com\\\/#\\\/schema\\\/logo\\\/image\\\/\"},\"sameAs\":[\"https:\\\/\\\/www.facebook.com\\\/FrenchInternationalSchools\\\/\",\"https:\\\/\\\/www.instagram.com\\\/french_international_schools\",\"https:\\\/\\\/www.linkedin.com\\\/company\\\/french-international-schools\\\/posts\\\/?feedView=all\"]}]}<\/script>\n<!-- \/ Yoast SEO plugin. -->","yoast_head_json":{"title":"Apresenta\u00e7\u00e3o da rede | French International Schools","robots":{"index":"index","follow":"follow","max-snippet":"max-snippet:-1","max-image-preview":"max-image-preview:large","max-video-preview":"max-video-preview:-1"},"canonical":"https:\/\/french-international-schools.com\/qui-sommes-nous\/presentation-du-reseau\/","og_locale":"pt_PT","og_type":"article","og_title":"Apresenta\u00e7\u00e3o da rede | French International Schools","og_description":"A rede ib\u00e9rica de estabelecimentos de ensino franceses integra 22 escolas em Espanha e 2 escolas em Portugal. \u00c9 a mais importante da Europa e pertence a uma rede escolar mundial: a da AEFE* e da MLF*, que contam com mais de 500 estabelecimentos distribu\u00eddos por 136 pa\u00edses. Todos os ensinos s\u00e3o homologados pelo Minist\u00e9rio [...]","og_url":"https:\/\/french-international-schools.com\/qui-sommes-nous\/presentation-du-reseau\/","og_site_name":"French International Schools","article_publisher":"https:\/\/www.facebook.com\/FrenchInternationalSchools\/","article_modified_time":"2019-07-24T14:37:00+00:00","og_image":[{"url":"https:\/\/french-international-schools.com\/wp-content\/uploads\/2014\/01\/CDI-2-haut-efep-Opti1.jpg","type":"","width":"","height":""}],"twitter_card":"summary_large_image","twitter_misc":{"Tempo estimado de leitura":"1 minuto"},"schema":{"@context":"https:\/\/schema.org","@graph":[{"@type":"WebPage","@id":"https:\/\/french-international-schools.com\/qui-sommes-nous\/presentation-du-reseau\/","url":"https:\/\/french-international-schools.com\/qui-sommes-nous\/presentation-du-reseau\/","name":"Apresenta\u00e7\u00e3o da rede | French International Schools","isPartOf":{"@id":"https:\/\/french-international-schools.com\/#website"},"primaryImageOfPage":{"@id":"https:\/\/french-international-schools.com\/qui-sommes-nous\/presentation-du-reseau\/#primaryimage"},"image":{"@id":"https:\/\/french-international-schools.com\/qui-sommes-nous\/presentation-du-reseau\/#primaryimage"},"thumbnailUrl":"https:\/\/french-international-schools.com\/wp-content\/uploads\/2014\/01\/CDI-2-haut-efep-Opti1.jpg","datePublished":"2014-01-09T15:12:00+00:00","dateModified":"2019-07-24T14:37:00+00:00","breadcrumb":{"@id":"https:\/\/french-international-schools.com\/qui-sommes-nous\/presentation-du-reseau\/#breadcrumb"},"inLanguage":"pt-PT","potentialAction":[{"@type":"ReadAction","target":["https:\/\/french-international-schools.com\/qui-sommes-nous\/presentation-du-reseau\/"]}]},{"@type":"ImageObject","inLanguage":"pt-PT","@id":"https:\/\/french-international-schools.com\/qui-sommes-nous\/presentation-du-reseau\/#primaryimage","url":"https:\/\/french-international-schools.com\/wp-content\/uploads\/2014\/01\/CDI-2-haut-efep-Opti1.jpg","contentUrl":"https:\/\/french-international-schools.com\/wp-content\/uploads\/2014\/01\/CDI-2-haut-efep-Opti1.jpg"},{"@type":"BreadcrumbList","@id":"https:\/\/french-international-schools.com\/qui-sommes-nous\/presentation-du-reseau\/#breadcrumb","itemListElement":[{"@type":"ListItem","position":1,"name":"Accueil","item":"https:\/\/french-international-schools.com\/pt-pt\/"},{"@type":"ListItem","position":2,"name":"Quem somos","item":"https:\/\/french-international-schools.com\/qui-sommes-nous\/"},{"@type":"ListItem","position":3,"name":"Apresenta\u00e7\u00e3o da rede"}]},{"@type":"WebSite","@id":"https:\/\/french-international-schools.com\/#website","url":"https:\/\/french-international-schools.com\/","name":"French International Schools","description":"","publisher":{"@id":"https:\/\/french-international-schools.com\/#organization"},"potentialAction":[{"@type":"SearchAction","target":{"@type":"EntryPoint","urlTemplate":"https:\/\/french-international-schools.com\/?s={search_term_string}"},"query-input":{"@type":"PropertyValueSpecification","valueRequired":true,"valueName":"search_term_string"}}],"inLanguage":"pt-PT"},{"@type":"Organization","@id":"https:\/\/french-international-schools.com\/#organization","name":"R\u00e9seau d'enseignement plurilingue fran\u00e7ais","alternateName":"French International Schoolls","url":"https:\/\/french-international-schools.com\/","logo":{"@type":"ImageObject","inLanguage":"pt-PT","@id":"https:\/\/french-international-schools.com\/#\/schema\/logo\/image\/","url":"https:\/\/french-international-schools.com\/wp-content\/uploads\/2024\/03\/Favicon.png","contentUrl":"https:\/\/french-international-schools.com\/wp-content\/uploads\/2024\/03\/Favicon.png","width":84,"height":82,"caption":"R\u00e9seau d'enseignement plurilingue fran\u00e7ais"},"image":{"@id":"https:\/\/french-international-schools.com\/#\/schema\/logo\/image\/"},"sameAs":["https:\/\/www.facebook.com\/FrenchInternationalSchools\/","https:\/\/www.instagram.com\/french_international_schools","https:\/\/www.linkedin.com\/company\/french-international-schools\/posts\/?feedView=all"]}]}},"_links":{"self":[{"href":"https:\/\/french-international-schools.com\/pt-pt\/wp-json\/wp\/v2\/pages\/1145","targetHints":{"allow":["GET"]}}],"collection":[{"href":"https:\/\/french-international-schools.com\/pt-pt\/wp-json\/wp\/v2\/pages"}],"about":[{"href":"https:\/\/french-international-schools.com\/pt-pt\/wp-json\/wp\/v2\/types\/page"}],"author":[{"embeddable":true,"href":"https:\/\/french-international-schools.com\/pt-pt\/wp-json\/wp\/v2\/users\/7"}],"replies":[{"embeddable":true,"href":"https:\/\/french-international-schools.com\/pt-pt\/wp-json\/wp\/v2\/comments?post=1145"}],"version-history":[{"count":0,"href":"https:\/\/french-international-schools.com\/pt-pt\/wp-json\/wp\/v2\/pages\/1145\/revisions"}],"up":[{"embeddable":true,"href":"https:\/\/french-international-schools.com\/pt-pt\/wp-json\/wp\/v2\/pages\/2031"}],"wp:attachment":[{"href":"https:\/\/french-international-schools.com\/pt-pt\/wp-json\/wp\/v2\/media?parent=1145"}],"curies":[{"name":"wp","href":"https:\/\/api.w.org\/{rel}","templated":true}]}}